{"id":1735,"date":"2025-11-17T16:55:38","date_gmt":"2025-11-17T15:55:38","guid":{"rendered":"https:\/\/gkmtb-touren.at\/?page_id=1735"},"modified":"2025-11-20T10:01:58","modified_gmt":"2025-11-20T09:01:58","slug":"faq","status":"publish","type":"page","link":"http:\/\/gkmtb-touren.at\/de_at\/faq\/","title":{"rendered":"FAQ"},"content":{"rendered":"\t\t<div data-elementor-type=\"wp-page\" data-elementor-id=\"1735\" class=\"elementor elementor-1735\">\n\t\t\t\t<div class=\"elementor-element elementor-element-b93343e e-flex e-con-boxed e-con e-parent\" data-id=\"b93343e\" data-element_type=\"container\" data-e-type=\"container\" data-settings=\"{&quot;background_background&quot;:&quot;classic&quot;}\">\n\t\t\t\t\t<div class=\"e-con-inner\">\n\t\t\t\t<div class=\"elementor-element elementor-element-b5166b2 elementor-widget elementor-widget-heading\" data-id=\"b5166b2\" data-element_type=\"widget\" data-e-type=\"widget\" data-widget_type=\"heading.default\">\n\t\t\t\t\t<h1 class=\"elementor-heading-title elementor-size-default\">H\u00e4ufig gestellte Fragen<\/h1>\t\t\t\t<\/div>\n\t\t\t\t\t<\/div>\n\t\t\t\t<\/div>\n\t\t<div class=\"elementor-element elementor-element-8d869c4 e-flex e-con-boxed e-con e-parent\" data-id=\"8d869c4\" data-element_type=\"container\" data-e-type=\"container\">\n\t\t\t\t\t<div class=\"e-con-inner\">\n\t\t\t\t<div class=\"elementor-element elementor-element-7764c26 elementor-widget elementor-widget-helpie-faq\" data-id=\"7764c26\" data-element_type=\"widget\" data-e-type=\"widget\" data-widget_type=\"helpie-faq.default\">\n\t\t\t\t<div class=\"elementor-widget-container\">\n\t\t\t\t\t<section id='' \n                class='helpie-faq accordions faq-toggle open-first' \n                data-collection='' \n                data-pagination='0' \n                data-search='0' \n                data-pagination-enabled='0'\n                role='region'\n                aria-label='FAQ Section'\n                aria-live='polite'><h3 class='accordion__heading accordion__category' id=\"accordion-header-term-21\" data-item=\"hfaq-term-21\" data-id=\"term-21\">Service<\/h3><article class=\"accordion faq_list\"><div class='helpie-faq-row'><div class='helpie-faq-col helpie-faq-col-12' ><ul><li class=\"accordion__item \"><div class=\"accordion__header \" \r\n                id=\"accordion-header-post-1835\"\r\n                role=\"button\"\r\n                aria-expanded=\"false\"\r\n                aria-controls=\"accordion-content-post-1835\"\r\n                data-id=\"post-1835\" \r\n                data-item=\"hfaq-post-1835\" \r\n                style=\"background:transparent;\" \r\n                data-tags=\"\"\r\n                tabindex=\"0\"><div class=\"accordion__title\">Muss ich einen Termin f\u00fcr den Service vereinbaren?<\/div><\/div><div id=\"accordion-content-post-1835\" \r\n                class=\"accordion__body\" \r\n                role=\"region\"\r\n                aria-labelledby=\"accordion-header-post-1835\"\r\n                style=\"background:transparent;\"><p><\/p>\n<p>Du kannst dein Bike zu unseren fixen Reparaturannahmezeiten vorbeibringen oder einen Termin vereinbaren. Das geht entweder \u00fcber das Webformular oder telefonisch.<\/p>\n<p><\/p>\n<\/div><\/li><li class=\"accordion__item \"><div class=\"accordion__header \" \r\n                id=\"accordion-header-post-1837\"\r\n                role=\"button\"\r\n                aria-expanded=\"false\"\r\n                aria-controls=\"accordion-content-post-1837\"\r\n                data-id=\"post-1837\" \r\n                data-item=\"hfaq-post-1837\" \r\n                style=\"background:transparent;\" \r\n                data-tags=\"\"\r\n                tabindex=\"0\"><div class=\"accordion__title\">Welche Arbeiten umfasst euer Fahrradservice?<\/div><\/div><div id=\"accordion-content-post-1837\" \r\n                class=\"accordion__body\" \r\n                role=\"region\"\r\n                aria-labelledby=\"accordion-header-post-1837\"\r\n                style=\"background:transparent;\"><p><\/p>\n<p>Wie bieten komplette Wartung f\u00fcr E-Bikes, Mountainbikes und Tourenr\u00e4der: Bremsen einstellen, Schaltung justieren, Reifen pr\u00fcfen, au\u00dferdem Akku-Check und Software Updates f\u00fcr Bosch und TQ Motoren.<\/p>\n<p><\/p>\n<\/div><\/li><li class=\"accordion__item \"><div class=\"accordion__header \" \r\n                id=\"accordion-header-post-1839\"\r\n                role=\"button\"\r\n                aria-expanded=\"false\"\r\n                aria-controls=\"accordion-content-post-1839\"\r\n                data-id=\"post-1839\" \r\n                data-item=\"hfaq-post-1839\" \r\n                style=\"background:transparent;\" \r\n                data-tags=\"\"\r\n                tabindex=\"0\"><div class=\"accordion__title\">Wie lange dauert ein Fahrradservice?<\/div><\/div><div id=\"accordion-content-post-1839\" \r\n                class=\"accordion__body\" \r\n                role=\"region\"\r\n                aria-labelledby=\"accordion-header-post-1839\"\r\n                style=\"background:transparent;\"><p><\/p>\n<p>Das h\u00e4ngt vom Umfang ab. Viele Arbeiten erledigen wir innerhalb eines Tages, kleinere Einstellungen oft sogar sofort. Wenn wir Ersatzteile bestellen m\u00fcssen, dauert es in der Regel etwas l\u00e4nger. Wir sagen dir vor Ort, wie lange es dauern wird.<\/p>\n<p><\/p>\n<\/div><\/li><li class=\"accordion__item \"><div class=\"accordion__header \" \r\n                id=\"accordion-header-post-1841\"\r\n                role=\"button\"\r\n                aria-expanded=\"false\"\r\n                aria-controls=\"accordion-content-post-1841\"\r\n                data-id=\"post-1841\" \r\n                data-item=\"hfaq-post-1841\" \r\n                style=\"background:transparent;\" \r\n                data-tags=\"\"\r\n                tabindex=\"0\"><div class=\"accordion__title\">Muss ich etwas vorbereiten, bevor ich das Bike bringe?<\/div><\/div><div id=\"accordion-content-post-1841\" \r\n                class=\"accordion__body\" \r\n                role=\"region\"\r\n                aria-labelledby=\"accordion-header-post-1841\"\r\n                style=\"background:transparent;\"><p><\/p>\n<p>Am besten du bringst dein Bike sauber zu uns, damit wir gleich bei der Annahme alles gut pr\u00fcfen k\u00f6nnen. <\/p>\n<p><\/p>\n<\/div><\/li><li class=\"accordion__item \"><div class=\"accordion__header \" \r\n                id=\"accordion-header-post-1843\"\r\n                role=\"button\"\r\n                aria-expanded=\"false\"\r\n                aria-controls=\"accordion-content-post-1843\"\r\n                data-id=\"post-1843\" \r\n                data-item=\"hfaq-post-1843\" \r\n                style=\"background:transparent;\" \r\n                data-tags=\"\"\r\n                tabindex=\"0\"><div class=\"accordion__title\">Welche Preise gelten f\u00fcr den Service?<\/div><\/div><div id=\"accordion-content-post-1843\" \r\n                class=\"accordion__body\" \r\n                role=\"region\"\r\n                aria-labelledby=\"accordion-header-post-1843\"\r\n                style=\"background:transparent;\"><p><\/p>\n<p>Ein Service wird zum Fixpreis verrechnet (Basis oder Extra), eventuell n\u00f6tige Reparaturen werden nach Standard Arbeitsaufwand berechnet. Ersatzteile werden getrennt in Rechnung gestellt. Eine Absch\u00e4tzung f\u00fcr den Gesamtpreis wird bei Reparaturannahme abgegeben, eine \u00dcberschreitung des vereinbarten Preises wird vorab abgestimmt. <\/p>\n<p><\/p>\n<\/div><\/li><\/ul><\/div><\/div><\/article><h3 class='accordion__heading accordion__category' id=\"accordion-header-term-16\" data-item=\"hfaq-term-16\" data-id=\"term-16\">Verleih<\/h3><article class=\"accordion faq_list\"><div class='helpie-faq-row'><div class='helpie-faq-col helpie-faq-col-12' ><ul><li class=\"accordion__item \"><div class=\"accordion__header \" \r\n                id=\"accordion-header-post-1817\"\r\n                role=\"button\"\r\n                aria-expanded=\"false\"\r\n                aria-controls=\"accordion-content-post-1817\"\r\n                data-id=\"post-1817\" \r\n                data-item=\"hfaq-post-1817\" \r\n                style=\"background:transparent;\" \r\n                data-tags=\"\"\r\n                tabindex=\"0\"><div class=\"accordion__title\">Welche Bikes kann ich bei euch mieten?<\/div><\/div><div id=\"accordion-content-post-1817\" \r\n                class=\"accordion__body\" \r\n                role=\"region\"\r\n                aria-labelledby=\"accordion-header-post-1817\"\r\n                style=\"background:transparent;\"><p><\/p>\n<p>Wir verleihen moderne\u00a0Scott Fully E-Mountainbikes, die regelm\u00e4\u00dfig gewartet und technisch top in Schuss sind. Perfekt f\u00fcr Touren im Wienerwald. Die Modelle zur Auswahl sind das Patron eRide, das Lumen eRide, sowie das Aspect eRide. Wir beraten dich gerne, welches Bike f\u00fcr deine Tour am besten passt.<\/p>\n<p><\/p>\n<\/div><\/li><li class=\"accordion__item \"><div class=\"accordion__header \" \r\n                id=\"accordion-header-post-1819\"\r\n                role=\"button\"\r\n                aria-expanded=\"false\"\r\n                aria-controls=\"accordion-content-post-1819\"\r\n                data-id=\"post-1819\" \r\n                data-item=\"hfaq-post-1819\" \r\n                style=\"background:transparent;\" \r\n                data-tags=\"\"\r\n                tabindex=\"0\"><div class=\"accordion__title\">Muss ich das E-Bike im Voraus reservieren?<\/div><\/div><div id=\"accordion-content-post-1819\" \r\n                class=\"accordion__body\" \r\n                role=\"region\"\r\n                aria-labelledby=\"accordion-header-post-1819\"\r\n                style=\"background:transparent;\"><p><\/p>\n<p>Eine Reservierung \u00fcber das Anfrageformular oder per Telefon ist unbedingt notwendig. Da wir ein kleines Team sind, ist unsere Bike Base nicht rund um die Uhr besetzt und an Wochenenden kann es auch vorkommen, dass viele Bikes auf Tour sind.<\/p>\n<p><\/p>\n<\/div><\/li><li class=\"accordion__item \"><div class=\"accordion__header \" \r\n                id=\"accordion-header-post-1823\"\r\n                role=\"button\"\r\n                aria-expanded=\"false\"\r\n                aria-controls=\"accordion-content-post-1823\"\r\n                data-id=\"post-1823\" \r\n                data-item=\"hfaq-post-1823\" \r\n                style=\"background:transparent;\" \r\n                data-tags=\"\"\r\n                tabindex=\"0\"><div class=\"accordion__title\">Brauche ich Vorerfahrung, um ein E-Bike auszuleihen?<\/div><\/div><div id=\"accordion-content-post-1823\" \r\n                class=\"accordion__body\" \r\n                role=\"region\"\r\n                aria-labelledby=\"accordion-header-post-1823\"\r\n                style=\"background:transparent;\"><p><\/p>\n<p>Nein. Unsere E-Mountainbikes sind intuitiv zu bedienen, und du bekommst eine kurze Einf\u00fchrung vor Ort. Auch f\u00fcr Einsteiger geeignet.<\/p>\n<p><\/p>\n<\/div><\/li><li class=\"accordion__item \"><div class=\"accordion__header \" \r\n                id=\"accordion-header-post-1825\"\r\n                role=\"button\"\r\n                aria-expanded=\"false\"\r\n                aria-controls=\"accordion-content-post-1825\"\r\n                data-id=\"post-1825\" \r\n                data-item=\"hfaq-post-1825\" \r\n                style=\"background:transparent;\" \r\n                data-tags=\"\"\r\n                tabindex=\"0\"><div class=\"accordion__title\">Muss ich eine Kaution hinterlegen?<\/div><\/div><div id=\"accordion-content-post-1825\" \r\n                class=\"accordion__body\" \r\n                role=\"region\"\r\n                aria-labelledby=\"accordion-header-post-1825\"\r\n                style=\"background:transparent;\"><p><\/p>\n<p>Nein. Wir behalten lediglich deinen g\u00fcltigen Ausweis f\u00fcr die Dauer des Verleihs als Sicherheit ein.<\/p>\n<p><\/p>\n<\/div><\/li><li class=\"accordion__item \"><div class=\"accordion__header \" \r\n                id=\"accordion-header-post-1827\"\r\n                role=\"button\"\r\n                aria-expanded=\"false\"\r\n                aria-controls=\"accordion-content-post-1827\"\r\n                data-id=\"post-1827\" \r\n                data-item=\"hfaq-post-1827\" \r\n                style=\"background:transparent;\" \r\n                data-tags=\"\"\r\n                tabindex=\"0\"><div class=\"accordion__title\">Wie lange kann ich das E-Bike mieten?<\/div><\/div><div id=\"accordion-content-post-1827\" \r\n                class=\"accordion__body\" \r\n                role=\"region\"\r\n                aria-labelledby=\"accordion-header-post-1827\"\r\n                style=\"background:transparent;\"><p><\/p>\n<p>Unsere Preise gelten einheitlich f\u00fcr alles Bikes und richten sich nach der Mietdauer. Ob du f\u00fcr eine kurze Runde mietest, einen ganzen Tag oder sogar ein ganzes Wochenende, du entscheidest flexibel.<\/p>\n<p><\/p>\n<\/div><\/li><li class=\"accordion__item \"><div class=\"accordion__header \" \r\n                id=\"accordion-header-post-1829\"\r\n                role=\"button\"\r\n                aria-expanded=\"false\"\r\n                aria-controls=\"accordion-content-post-1829\"\r\n                data-id=\"post-1829\" \r\n                data-item=\"hfaq-post-1829\" \r\n                style=\"background:transparent;\" \r\n                data-tags=\"\"\r\n                tabindex=\"0\"><div class=\"accordion__title\">Kann ich ein E-Mountainbike auch ohne gef\u00fchrte Tour nutzen?<\/div><\/div><div id=\"accordion-content-post-1829\" \r\n                class=\"accordion__body\" \r\n                role=\"region\"\r\n                aria-labelledby=\"accordion-header-post-1829\"\r\n                style=\"background:transparent;\"><p><\/p>\n<p>Nat\u00fcrlich! Du kannst das Bike f\u00fcr eigene Ausfahrten verwenden. Auf Wunsch geben wir dir Routentipps f\u00fcr Genussfahrten oder Trailrunden.<\/p>\n<p><\/p>\n<\/div><\/li><li class=\"accordion__item \"><div class=\"accordion__header \" \r\n                id=\"accordion-header-post-1831\"\r\n                role=\"button\"\r\n                aria-expanded=\"false\"\r\n                aria-controls=\"accordion-content-post-1831\"\r\n                data-id=\"post-1831\" \r\n                data-item=\"hfaq-post-1831\" \r\n                style=\"background:transparent;\" \r\n                data-tags=\"\"\r\n                tabindex=\"0\"><div class=\"accordion__title\">Sind die Akkus f\u00fcr eine Tagestour ausreichend?<\/div><\/div><div id=\"accordion-content-post-1831\" \r\n                class=\"accordion__body\" \r\n                role=\"region\"\r\n                aria-labelledby=\"accordion-header-post-1831\"\r\n                style=\"background:transparent;\"><p><\/p>\n<p>Das h\u00e4ngt davon ab, welches Bike du w\u00e4hlst. Die Akkus im Scott Patron und im Scott Aspect halten auf jeden Fall f\u00fcr eine Tagestour. Beim Scott Lumen und beim Scott Voltage h\u00e4ngt es davon ab, mit wieviel Unterst\u00fctzung du f\u00e4hrst. Diese beiden gelten als \"Light E-Mountainbikes\" und haben einen schw\u00e4cheren Akku eingebaut.<\/p>\n<p><\/p>\n<\/div><\/li><li class=\"accordion__item \"><div class=\"accordion__header \" \r\n                id=\"accordion-header-post-1833\"\r\n                role=\"button\"\r\n                aria-expanded=\"false\"\r\n                aria-controls=\"accordion-content-post-1833\"\r\n                data-id=\"post-1833\" \r\n                data-item=\"hfaq-post-1833\" \r\n                style=\"background:transparent;\" \r\n                data-tags=\"\"\r\n                tabindex=\"0\"><div class=\"accordion__title\">Was passiert bei einem technischen Problem unterwegs?<\/div><\/div><div id=\"accordion-content-post-1833\" \r\n                class=\"accordion__body\" \r\n                role=\"region\"\r\n                aria-labelledby=\"accordion-header-post-1833\"\r\n                style=\"background:transparent;\"><p><\/p>\n<p>Unsere Bikes sind bestens gewartet. Sollte dennoch etwas passieren, erreichst du uns jederzeit telefonisch, und wir finden eine schnelle L\u00f6sung.<\/p>\n<p><\/p>\n<\/div><\/li><\/ul><\/div><\/div><\/article><h3 class='accordion__heading accordion__category' id=\"accordion-header-term-15\" data-item=\"hfaq-term-15\" data-id=\"term-15\">Touren<\/h3><article class=\"accordion faq_list\"><div class='helpie-faq-row'><div class='helpie-faq-col helpie-faq-col-12' ><ul><li class=\"accordion__item \"><div class=\"accordion__header \" \r\n                id=\"accordion-header-post-1831\"\r\n                role=\"button\"\r\n                aria-expanded=\"false\"\r\n                aria-controls=\"accordion-content-post-1831\"\r\n                data-id=\"post-1831\" \r\n                data-item=\"hfaq-post-1831\" \r\n                style=\"background:transparent;\" \r\n                data-tags=\"\"\r\n                tabindex=\"0\"><div class=\"accordion__title\">Sind die Akkus f\u00fcr eine Tagestour ausreichend?<\/div><\/div><div id=\"accordion-content-post-1831\" \r\n                class=\"accordion__body\" \r\n                role=\"region\"\r\n                aria-labelledby=\"accordion-header-post-1831\"\r\n                style=\"background:transparent;\"><p><\/p>\n<p>Das h\u00e4ngt davon ab, welches Bike du w\u00e4hlst. Die Akkus im Scott Patron und im Scott Aspect halten auf jeden Fall f\u00fcr eine Tagestour. Beim Scott Lumen und beim Scott Voltage h\u00e4ngt es davon ab, mit wieviel Unterst\u00fctzung du f\u00e4hrst. Diese beiden gelten als \"Light E-Mountainbikes\" und haben einen schw\u00e4cheren Akku eingebaut.<\/p>\n<p><\/p>\n<\/div><\/li><li class=\"accordion__item \"><div class=\"accordion__header \" \r\n                id=\"accordion-header-post-1771\"\r\n                role=\"button\"\r\n                aria-expanded=\"false\"\r\n                aria-controls=\"accordion-content-post-1771\"\r\n                data-id=\"post-1771\" \r\n                data-item=\"hfaq-post-1771\" \r\n                style=\"background:transparent;\" \r\n                data-tags=\"\"\r\n                tabindex=\"0\"><div class=\"accordion__title\">Was muss ich zu einer Tour mitbringen?<\/div><\/div><div id=\"accordion-content-post-1771\" \r\n                class=\"accordion__body\" \r\n                role=\"region\"\r\n                aria-labelledby=\"accordion-header-post-1771\"\r\n                style=\"background:transparent;\"><p><\/p>\n<p>Bequeme Sportkleidung, geschlossene Schuhe und gute Laune. Ein Helm ist Pflicht \u2013 du kannst deinen eigenen mitbringen oder bekommst einen von uns, genauso wie Fahrradhandschuhe und eine Trinkflasche.<\/p>\n<p><\/p>\n<\/div><\/li><li class=\"accordion__item \"><div class=\"accordion__header \" \r\n                id=\"accordion-header-post-1773\"\r\n                role=\"button\"\r\n                aria-expanded=\"false\"\r\n                aria-controls=\"accordion-content-post-1773\"\r\n                data-id=\"post-1773\" \r\n                data-item=\"hfaq-post-1773\" \r\n                style=\"background:transparent;\" \r\n                data-tags=\"\"\r\n                tabindex=\"0\"><div class=\"accordion__title\">Brauche ich Vorerfahrung f\u00fcr eine Tour?<\/div><\/div><div id=\"accordion-content-post-1773\" \r\n                class=\"accordion__body\" \r\n                role=\"region\"\r\n                aria-labelledby=\"accordion-header-post-1773\"\r\n                style=\"background:transparent;\"><p><\/p>\n<p>Du solltest Radfahren k\u00f6nnen, ansonsten brauchst du keine Erfahrung. Unsere Touren sind f\u00fcr alle Levels geeignet \u2013 von Anf\u00e4ngerInnen bis zu erfahrenen MountainbikerInnen. Wir passen Tempo und Strecke individuell an die Gruppe an.<\/p>\n<p><\/p>\n<\/div><\/li><li class=\"accordion__item \"><div class=\"accordion__header \" \r\n                id=\"accordion-header-post-1796\"\r\n                role=\"button\"\r\n                aria-expanded=\"false\"\r\n                aria-controls=\"accordion-content-post-1796\"\r\n                data-id=\"post-1796\" \r\n                data-item=\"hfaq-post-1796\" \r\n                style=\"background:transparent;\" \r\n                data-tags=\"\"\r\n                tabindex=\"0\"><div class=\"accordion__title\">Finden die Touren auch bei schlechtem Wetter statt?<\/div><\/div><div id=\"accordion-content-post-1796\" \r\n                class=\"accordion__body\" \r\n                role=\"region\"\r\n                aria-labelledby=\"accordion-header-post-1796\"\r\n                style=\"background:transparent;\"><p><\/p>\n<p>Leichter Regen ist kein Problem. Bei Sturm, Gewitter oder extremen Bedingungen sagen wir die Tour ab oder verschieben sie kostenlos.<\/p>\n<p><\/p>\n<\/div><\/li><li class=\"accordion__item \"><div class=\"accordion__header \" \r\n                id=\"accordion-header-post-1812\"\r\n                role=\"button\"\r\n                aria-expanded=\"false\"\r\n                aria-controls=\"accordion-content-post-1812\"\r\n                data-id=\"post-1812\" \r\n                data-item=\"hfaq-post-1812\" \r\n                style=\"background:transparent;\" \r\n                data-tags=\"\"\r\n                tabindex=\"0\"><div class=\"accordion__title\">Wie lange dauern die Touren?<\/div><\/div><div id=\"accordion-content-post-1812\" \r\n                class=\"accordion__body\" \r\n                role=\"region\"\r\n                aria-labelledby=\"accordion-header-post-1812\"\r\n                style=\"background:transparent;\"><p><\/p>\n<p>Wir bieten Kurztouren (2\u20133 h), Genusstouren (3\u20134 h) und Tagestouren an. Die genaue Dauer h\u00e4ngt von Gruppe, Tempo und Pausen ab. Je gr\u00f6\u00dfer die Gruppe, desto l\u00e4nger ben\u00f6tigen wir in der Regel f\u00fcr die gleiche Strecke. <\/p>\n<p><\/p>\n<\/div><\/li><li class=\"accordion__item \"><div class=\"accordion__header \" \r\n                id=\"accordion-header-post-1817\"\r\n                role=\"button\"\r\n                aria-expanded=\"false\"\r\n                aria-controls=\"accordion-content-post-1817\"\r\n                data-id=\"post-1817\" \r\n                data-item=\"hfaq-post-1817\" \r\n                style=\"background:transparent;\" \r\n                data-tags=\"\"\r\n                tabindex=\"0\"><div class=\"accordion__title\">Welche Bikes kann ich bei euch mieten?<\/div><\/div><div id=\"accordion-content-post-1817\" \r\n                class=\"accordion__body\" \r\n                role=\"region\"\r\n                aria-labelledby=\"accordion-header-post-1817\"\r\n                style=\"background:transparent;\"><p><\/p>\n<p>Wir verleihen moderne\u00a0Scott Fully E-Mountainbikes, die regelm\u00e4\u00dfig gewartet und technisch top in Schuss sind. Perfekt f\u00fcr Touren im Wienerwald. Die Modelle zur Auswahl sind das Patron eRide, das Lumen eRide, sowie das Aspect eRide. Wir beraten dich gerne, welches Bike f\u00fcr deine Tour am besten passt.<\/p>\n<p><\/p>\n<\/div><\/li><li class=\"accordion__item \"><div class=\"accordion__header \" \r\n                id=\"accordion-header-post-1801\"\r\n                role=\"button\"\r\n                aria-expanded=\"false\"\r\n                aria-controls=\"accordion-content-post-1801\"\r\n                data-id=\"post-1801\" \r\n                data-item=\"hfaq-post-1801\" \r\n                style=\"background:transparent;\" \r\n                data-tags=\"\"\r\n                tabindex=\"0\"><div class=\"accordion__title\">Kann ich auch mit einem normalen Fahrrad teilnehmen?<\/div><\/div><div id=\"accordion-content-post-1801\" \r\n                class=\"accordion__body\" \r\n                role=\"region\"\r\n                aria-labelledby=\"accordion-header-post-1801\"\r\n                style=\"background:transparent;\"><p><\/p>\n<p>F\u00fcr die meisten Touren empfehlen wir ein\u00a0E-Mountainbike, da der Wienerwald einige H\u00f6henmeter hat. Mit einem sehr guten Fitnesslevel kannst du aber auch mit dem eigenen Bio-Bike teilnehmen. Es sollte aber je nach geplanter Tour entweder ein Mountain- oder Gravelbike sein.<\/p>\n<p><\/p>\n<\/div><\/li><li class=\"accordion__item \"><div class=\"accordion__header \" \r\n                id=\"accordion-header-post-1809\"\r\n                role=\"button\"\r\n                aria-expanded=\"false\"\r\n                aria-controls=\"accordion-content-post-1809\"\r\n                data-id=\"post-1809\" \r\n                data-item=\"hfaq-post-1809\" \r\n                style=\"background:transparent;\" \r\n                data-tags=\"\"\r\n                tabindex=\"0\"><div class=\"accordion__title\">Wie gro\u00df sind die Gruppen bei den gef\u00fchrten Touren?<\/div><\/div><div id=\"accordion-content-post-1809\" \r\n                class=\"accordion__body\" \r\n                role=\"region\"\r\n                aria-labelledby=\"accordion-header-post-1809\"\r\n                style=\"background:transparent;\"><p><\/p>\n<p>Unsere Gruppen sind bewusst klein \u2013 meist\u00a02 bis 6 Personen. So bleibt die Tour sicher, \u00fcbersichtlich und pers\u00f6nlich. Eine Gruppentour kann bis aber bis zu 10 Personen gro\u00df sein.<\/p>\n<p><\/p>\n<\/div><\/li><li class=\"accordion__item \"><div class=\"accordion__header \" \r\n                id=\"accordion-header-post-1803\"\r\n                role=\"button\"\r\n                aria-expanded=\"false\"\r\n                aria-controls=\"accordion-content-post-1803\"\r\n                data-id=\"post-1803\" \r\n                data-item=\"hfaq-post-1803\" \r\n                style=\"background:transparent;\" \r\n                data-tags=\"\"\r\n                tabindex=\"0\"><div class=\"accordion__title\">Wo starten die Touren?<\/div><\/div><div id=\"accordion-content-post-1803\" \r\n                class=\"accordion__body\" \r\n                role=\"region\"\r\n                aria-labelledby=\"accordion-header-post-1803\"\r\n                style=\"background:transparent;\"><p><\/p>\n<p>Wenn du ein Mountainbike aus unserem Verleih ben\u00f6tigst, starten die Touren immer bei unserer\u00a0<strong>Bike Base \u2013 Kefergasse 22, 1140 Wien<\/strong>, gut erreichbar mit U4, der 49 und 52. Wenn du mit deinem eigenen Bike unterwegs bist, kann der Startpunkt irgendwo in Wien sein oder gegen Aufpreis sogar au\u00dferhalb.<\/p>\n<p><\/p>\n<\/div><\/li><li class=\"accordion__item \"><div class=\"accordion__header \" \r\n                id=\"accordion-header-post-1799\"\r\n                role=\"button\"\r\n                aria-expanded=\"false\"\r\n                aria-controls=\"accordion-content-post-1799\"\r\n                data-id=\"post-1799\" \r\n                data-item=\"hfaq-post-1799\" \r\n                style=\"background:transparent;\" \r\n                data-tags=\"\"\r\n                tabindex=\"0\"><div class=\"accordion__title\">Gibt es unterwegs eine Einkehrm\u00f6glichkeit?<\/div><\/div><div id=\"accordion-content-post-1799\" \r\n                class=\"accordion__body\" \r\n                role=\"region\"\r\n                aria-labelledby=\"accordion-header-post-1799\"\r\n                style=\"background:transparent;\"><p><\/p>\n<p>Das h\u00e4ngt von der L\u00e4nge der Tour ab:<\/p>\n<p><\/p>\n<p><\/p>\n<ul class=\"wp-block-list\"><\/p>\n<li>Bei den Tagestouren ist eine Einkehr in einer der Wienerwald H\u00fctten eingeplant.<\/li>\n<p><\/p>\n<p><\/p>\n<li>Bei den Genusstouren ist eine Einkehr je nach Wunsch der Teilnehmer m\u00f6glich.<\/li>\n<p><\/p>\n<p><\/p>\n<li>Die Kurztouren kommen ohne Einkehr aus, das geht sich zeitlich nicht aus.<\/li>\n<p><\/ul>\n<p><\/p>\n<\/div><\/li><\/ul><\/div><\/div><\/article><\/section>\t\t\t\t<\/div>\n\t\t\t\t<\/div>\n\t\t\t\t\t<\/div>\n\t\t\t\t<\/div>\n\t\t\t\t<\/div>\n\t\t","protected":false},"excerpt":{"rendered":"<p>H\u00e4ufig gestellte Fragen Service Muss ich einen Termin f\u00fcr den Service vereinbaren? Du kannst dein Bike zu unseren fixen Reparaturannahmezeiten [&hellip;]<\/p>\n","protected":false},"author":1,"featured_media":0,"parent":0,"menu_order":0,"comment_status":"closed","ping_status":"closed","template":"","meta":{"_uag_custom_page_level_css":"","site-sidebar-layout":"no-sidebar","site-content-layout":"","ast-site-content-layout":"full-width-container","site-content-style":"default","site-sidebar-style":"default","ast-global-header-display":"","ast-banner-title-visibility":"","ast-main-header-display":"","ast-hfb-above-header-display":"","ast-hfb-below-header-display":"","ast-hfb-mobile-header-display":"","site-post-title":"disabled","ast-breadcrumbs-content":"","ast-featured-img":"disabled","footer-sml-layout":"","ast-disable-related-posts":"","theme-transparent-header-meta":"","adv-header-id-meta":"","stick-header-meta":"","header-above-stick-meta":"","header-main-stick-meta":"","header-below-stick-meta":"","astra-migrate-meta-layouts":"default","ast-page-background-enabled":"default","ast-page-background-meta":{"desktop":{"background-color":"var(--ast-global-color-5)","background-image":"","background-repeat":"repeat","background-position":"center center","background-size":"auto","background-attachment":"scroll","background-type":"","background-media":"","overlay-type":"","overlay-color":"","overlay-opacity":"","overlay-gradient":""},"tablet":{"background-color":"","background-image":"","background-repeat":"repeat","background-position":"center center","background-size":"auto","background-attachment":"scroll","background-type":"","background-media":"","overlay-type":"","overlay-color":"","overlay-opacity":"","overlay-gradient":""},"mobile":{"background-color":"","background-image":"","background-repeat":"repeat","background-position":"center center","background-size":"auto","background-attachment":"scroll","background-type":"","background-media":"","overlay-type":"","overlay-color":"","overlay-opacity":"","overlay-gradient":""}},"ast-content-background-meta":{"desktop":{"background-color":"var(--ast-global-color-4)","background-image":"","background-repeat":"repeat","background-position":"center center","background-size":"auto","background-attachment":"scroll","background-type":"","background-media":"","overlay-type":"","overlay-color":"","overlay-opacity":"","overlay-gradient":""},"tablet":{"background-color":"var(--ast-global-color-4)","background-image":"","background-repeat":"repeat","background-position":"center center","background-size":"auto","background-attachment":"scroll","background-type":"","background-media":"","overlay-type":"","overlay-color":"","overlay-opacity":"","overlay-gradient":""},"mobile":{"background-color":"var(--ast-global-color-4)","background-image":"","background-repeat":"repeat","background-position":"center center","background-size":"auto","background-attachment":"scroll","background-type":"","background-media":"","overlay-type":"","overlay-color":"","overlay-opacity":"","overlay-gradient":""}},"footnotes":""},"class_list":["post-1735","page","type-page","status-publish","hentry"],"yoast_head":"<!-- This site is optimized with the Yoast SEO plugin v27.5 - https:\/\/yoast.com\/product\/yoast-seo-wordpress\/ -->\n<title>FAQ - GKMTB<\/title>\n<meta name=\"robots\" content=\"index, follow, max-snippet:-1, max-image-preview:large, max-video-preview:-1\" \/>\n<link rel=\"canonical\" href=\"https:\/\/gkmtb-touren.at\/de_at\/faq\/\" \/>\n<meta property=\"og:locale\" content=\"de_DE\" \/>\n<meta property=\"og:type\" content=\"article\" \/>\n<meta property=\"og:title\" content=\"FAQ - GKMTB\" \/>\n<meta property=\"og:description\" content=\"H\u00e4ufig gestellte Fragen Service Muss ich einen Termin f\u00fcr den Service vereinbaren? Du kannst dein Bike zu unseren fixen Reparaturannahmezeiten [&hellip;]\" \/>\n<meta property=\"og:url\" content=\"https:\/\/gkmtb-touren.at\/de_at\/faq\/\" \/>\n<meta property=\"og:site_name\" content=\"GKMTB\" \/>\n<meta property=\"article:modified_time\" content=\"2025-11-20T09:01:58+00:00\" \/>\n<meta name=\"twitter:card\" content=\"summary_large_image\" \/>\n<meta name=\"twitter:label1\" content=\"Gesch\u00e4tzte Lesezeit\" \/>\n\t<meta name=\"twitter:data1\" content=\"6 Minuten\" \/>\n<script type=\"application\/ld+json\" class=\"yoast-schema-graph\">{\"@context\":\"https:\\\/\\\/schema.org\",\"@graph\":[{\"@type\":\"WebPage\",\"@id\":\"https:\\\/\\\/gkmtb-touren.at\\\/en\\\/faq\\\/\",\"url\":\"https:\\\/\\\/gkmtb-touren.at\\\/en\\\/faq\\\/\",\"name\":\"FAQ - GKMTB\",\"isPartOf\":{\"@id\":\"https:\\\/\\\/gkmtb-touren.at\\\/de_at\\\/#website\"},\"datePublished\":\"2025-11-17T15:55:38+00:00\",\"dateModified\":\"2025-11-20T09:01:58+00:00\",\"breadcrumb\":{\"@id\":\"https:\\\/\\\/gkmtb-touren.at\\\/en\\\/faq\\\/#breadcrumb\"},\"inLanguage\":\"de-AT\",\"potentialAction\":[{\"@type\":\"ReadAction\",\"target\":[\"https:\\\/\\\/gkmtb-touren.at\\\/en\\\/faq\\\/\"]}]},{\"@type\":\"BreadcrumbList\",\"@id\":\"https:\\\/\\\/gkmtb-touren.at\\\/en\\\/faq\\\/#breadcrumb\",\"itemListElement\":[{\"@type\":\"ListItem\",\"position\":1,\"name\":\"Startseite\",\"item\":\"https:\\\/\\\/gkmtb-touren.at\\\/\"},{\"@type\":\"ListItem\",\"position\":2,\"name\":\"FAQ\"}]},{\"@type\":\"WebSite\",\"@id\":\"https:\\\/\\\/gkmtb-touren.at\\\/de_at\\\/#website\",\"url\":\"https:\\\/\\\/gkmtb-touren.at\\\/de_at\\\/\",\"name\":\"GKMTB Touren\",\"description\":\"Mountainbike Touren Wienerwald\",\"publisher\":{\"@id\":\"https:\\\/\\\/gkmtb-touren.at\\\/de_at\\\/#organization\"},\"potentialAction\":[{\"@type\":\"SearchAction\",\"target\":{\"@type\":\"EntryPoint\",\"urlTemplate\":\"https:\\\/\\\/gkmtb-touren.at\\\/de_at\\\/?s={search_term_string}\"},\"query-input\":{\"@type\":\"PropertyValueSpecification\",\"valueRequired\":true,\"valueName\":\"search_term_string\"}}],\"inLanguage\":\"de-AT\"},{\"@type\":\"Organization\",\"@id\":\"https:\\\/\\\/gkmtb-touren.at\\\/de_at\\\/#organization\",\"name\":\"GKMTB Touren\",\"url\":\"https:\\\/\\\/gkmtb-touren.at\\\/de_at\\\/\",\"logo\":{\"@type\":\"ImageObject\",\"inLanguage\":\"de-AT\",\"@id\":\"https:\\\/\\\/gkmtb-touren.at\\\/de_at\\\/#\\\/schema\\\/logo\\\/image\\\/\",\"url\":\"https:\\\/\\\/gkmtb-touren.at\\\/wp-content\\\/uploads\\\/2025\\\/07\\\/cropped-RADLOGO1.png\",\"contentUrl\":\"https:\\\/\\\/gkmtb-touren.at\\\/wp-content\\\/uploads\\\/2025\\\/07\\\/cropped-RADLOGO1.png\",\"width\":874,\"height\":547,\"caption\":\"GKMTB Touren\"},\"image\":{\"@id\":\"https:\\\/\\\/gkmtb-touren.at\\\/de_at\\\/#\\\/schema\\\/logo\\\/image\\\/\"}}]}<\/script>\n<!-- \/ Yoast SEO plugin. -->","yoast_head_json":{"title":"FAQ - GKMTB","robots":{"index":"index","follow":"follow","max-snippet":"max-snippet:-1","max-image-preview":"max-image-preview:large","max-video-preview":"max-video-preview:-1"},"canonical":"https:\/\/gkmtb-touren.at\/de_at\/faq\/","og_locale":"de_DE","og_type":"article","og_title":"FAQ - GKMTB","og_description":"H\u00e4ufig gestellte Fragen Service Muss ich einen Termin f\u00fcr den Service vereinbaren? Du kannst dein Bike zu unseren fixen Reparaturannahmezeiten [&hellip;]","og_url":"https:\/\/gkmtb-touren.at\/de_at\/faq\/","og_site_name":"GKMTB","article_modified_time":"2025-11-20T09:01:58+00:00","twitter_card":"summary_large_image","twitter_misc":{"Gesch\u00e4tzte Lesezeit":"6 Minuten"},"schema":{"@context":"https:\/\/schema.org","@graph":[{"@type":"WebPage","@id":"https:\/\/gkmtb-touren.at\/en\/faq\/","url":"https:\/\/gkmtb-touren.at\/en\/faq\/","name":"FAQ - GKMTB","isPartOf":{"@id":"https:\/\/gkmtb-touren.at\/de_at\/#website"},"datePublished":"2025-11-17T15:55:38+00:00","dateModified":"2025-11-20T09:01:58+00:00","breadcrumb":{"@id":"https:\/\/gkmtb-touren.at\/en\/faq\/#breadcrumb"},"inLanguage":"de-AT","potentialAction":[{"@type":"ReadAction","target":["https:\/\/gkmtb-touren.at\/en\/faq\/"]}]},{"@type":"BreadcrumbList","@id":"https:\/\/gkmtb-touren.at\/en\/faq\/#breadcrumb","itemListElement":[{"@type":"ListItem","position":1,"name":"Startseite","item":"https:\/\/gkmtb-touren.at\/"},{"@type":"ListItem","position":2,"name":"FAQ"}]},{"@type":"WebSite","@id":"https:\/\/gkmtb-touren.at\/de_at\/#website","url":"https:\/\/gkmtb-touren.at\/de_at\/","name":"GKMTB Touren","description":"Mountainbike Touren Wienerwald","publisher":{"@id":"https:\/\/gkmtb-touren.at\/de_at\/#organization"},"potentialAction":[{"@type":"SearchAction","target":{"@type":"EntryPoint","urlTemplate":"https:\/\/gkmtb-touren.at\/de_at\/?s={search_term_string}"},"query-input":{"@type":"PropertyValueSpecification","valueRequired":true,"valueName":"search_term_string"}}],"inLanguage":"de-AT"},{"@type":"Organization","@id":"https:\/\/gkmtb-touren.at\/de_at\/#organization","name":"GKMTB Touren","url":"https:\/\/gkmtb-touren.at\/de_at\/","logo":{"@type":"ImageObject","inLanguage":"de-AT","@id":"https:\/\/gkmtb-touren.at\/de_at\/#\/schema\/logo\/image\/","url":"https:\/\/gkmtb-touren.at\/wp-content\/uploads\/2025\/07\/cropped-RADLOGO1.png","contentUrl":"https:\/\/gkmtb-touren.at\/wp-content\/uploads\/2025\/07\/cropped-RADLOGO1.png","width":874,"height":547,"caption":"GKMTB Touren"},"image":{"@id":"https:\/\/gkmtb-touren.at\/de_at\/#\/schema\/logo\/image\/"}}]}},"uagb_featured_image_src":{"full":false,"thumbnail":false,"medium":false,"medium_large":false,"large":false,"1536x1536":false,"2048x2048":false,"trp-custom-language-flag":false},"uagb_author_info":{"display_name":"Gerald","author_link":"http:\/\/gkmtb-touren.at\/de_at\/author\/geraldkwp\/"},"uagb_comment_info":0,"uagb_excerpt":"H\u00e4ufig gestellte Fragen Service Muss ich einen Termin f\u00fcr den Service vereinbaren? Du kannst dein Bike zu unseren fixen Reparaturannahmezeiten [&hellip;]","_links":{"self":[{"href":"http:\/\/gkmtb-touren.at\/de_at\/wp-json\/wp\/v2\/pages\/1735","targetHints":{"allow":["GET"]}}],"collection":[{"href":"http:\/\/gkmtb-touren.at\/de_at\/wp-json\/wp\/v2\/pages"}],"about":[{"href":"http:\/\/gkmtb-touren.at\/de_at\/wp-json\/wp\/v2\/types\/page"}],"author":[{"embeddable":true,"href":"http:\/\/gkmtb-touren.at\/de_at\/wp-json\/wp\/v2\/users\/1"}],"replies":[{"embeddable":true,"href":"http:\/\/gkmtb-touren.at\/de_at\/wp-json\/wp\/v2\/comments?post=1735"}],"version-history":[{"count":65,"href":"http:\/\/gkmtb-touren.at\/de_at\/wp-json\/wp\/v2\/pages\/1735\/revisions"}],"predecessor-version":[{"id":1873,"href":"http:\/\/gkmtb-touren.at\/de_at\/wp-json\/wp\/v2\/pages\/1735\/revisions\/1873"}],"wp:attachment":[{"href":"http:\/\/gkmtb-touren.at\/de_at\/wp-json\/wp\/v2\/media?parent=1735"}],"curies":[{"name":"wp","href":"https:\/\/api.w.org\/{rel}","templated":true}]}}