{"id":1831,"date":"2025-11-18T14:41:56","date_gmt":"2025-11-18T13:41:56","guid":{"rendered":"https:\/\/gkmtb-touren.at\/?post_type=helpie_faq&#038;p=1831"},"modified":"2025-11-18T14:42:26","modified_gmt":"2025-11-18T13:42:26","slug":"sind-die-akkus-fur-eine-tagestour-ausreichend","status":"publish","type":"helpie_faq","link":"https:\/\/gkmtb-touren.at\/de_at\/helpie_faq\/sind-die-akkus-fur-eine-tagestour-ausreichend\/","title":{"rendered":"Sind die Akkus f\u00fcr eine Tagestour ausreichend?"},"content":{"rendered":"\n<p>Das h\u00e4ngt davon ab, welches Bike du w\u00e4hlst. Die Akkus im Scott Patron und im Scott Aspect halten auf jeden Fall f\u00fcr eine Tagestour. Beim Scott Lumen und beim Scott Voltage h\u00e4ngt es davon ab, mit wieviel Unterst\u00fctzung du f\u00e4hrst. Diese beiden gelten als &#8222;Light E-Mountainbikes&#8220; und haben einen schw\u00e4cheren Akku eingebaut.<\/p>\n","protected":false},"excerpt":{"rendered":"<p>Das h\u00e4ngt davon ab, welches Bike du w\u00e4hlst. Die Akkus im Scott Patron und im Scott Aspect halten auf jeden [&hellip;]<\/p>\n","protected":false},"author":1,"featured_media":0,"menu_order":0,"comment_status":"open","ping_status":"closed","template":"","format":"standard","meta":{"_uag_custom_page_level_css":"","site-sidebar-layout":"default","site-content-layout":"","ast-site-content-layout":"default","site-content-style":"default","site-sidebar-style":"default","ast-global-header-display":"","ast-banner-title-visibility":"","ast-main-header-display":"","ast-hfb-above-header-display":"","ast-hfb-below-header-display":"","ast-hfb-mobile-header-display":"","site-post-title":"","ast-breadcrumbs-content":"","ast-featured-img":"","footer-sml-layout":"","ast-disable-related-posts":"","theme-transparent-header-meta":"","adv-header-id-meta":"","stick-header-meta":"","header-above-stick-meta":"","header-main-stick-meta":"","header-below-stick-meta":"","astra-migrate-meta-layouts":"default","ast-page-background-enabled":"default","ast-page-background-meta":{"desktop":{"background-color":"var(--ast-global-color-5)","background-image":"","background-repeat":"repeat","background-position":"center center","background-size":"auto","background-attachment":"scroll","background-type":"","background-media":"","overlay-type":"","overlay-color":"","overlay-opacity":"","overlay-gradient":""},"tablet":{"background-color":"","background-image":"","background-repeat":"repeat","background-position":"center center","background-size":"auto","background-attachment":"scroll","background-type":"","background-media":"","overlay-type":"","overlay-color":"","overlay-opacity":"","overlay-gradient":""},"mobile":{"background-color":"","background-image":"","background-repeat":"repeat","background-position":"center center","background-size":"auto","background-attachment":"scroll","background-type":"","background-media":"","overlay-type":"","overlay-color":"","overlay-opacity":"","overlay-gradient":""}},"ast-content-background-meta":{"desktop":{"background-color":"var(--ast-global-color-4)","background-image":"","background-repeat":"repeat","background-position":"center center","background-size":"auto","background-attachment":"scroll","background-type":"","background-media":"","overlay-type":"","overlay-color":"","overlay-opacity":"","overlay-gradient":""},"tablet":{"background-color":"var(--ast-global-color-4)","background-image":"","background-repeat":"repeat","background-position":"center center","background-size":"auto","background-attachment":"scroll","background-type":"","background-media":"","overlay-type":"","overlay-color":"","overlay-opacity":"","overlay-gradient":""},"mobile":{"background-color":"var(--ast-global-color-4)","background-image":"","background-repeat":"repeat","background-position":"center center","background-size":"auto","background-attachment":"scroll","background-type":"","background-media":"","overlay-type":"","overlay-color":"","overlay-opacity":"","overlay-gradient":""}},"footnotes":""},"helpie_faq_category":[15,16],"helpie_faq_group":[20,17],"class_list":["post-1831","helpie_faq","type-helpie_faq","status-publish","format-standard","hentry","helpie_faq_category-touren","helpie_faq_category-verleih","helpie_faq_group-e-mountainbike-verleih","helpie_faq_group-touren"],"yoast_head":"<!-- This site is optimized with the Yoast SEO plugin v27.5 - https:\/\/yoast.com\/product\/yoast-seo-wordpress\/ -->\n<title>Sind die Akkus f\u00fcr eine Tagestour ausreichend? - GKMTB<\/title>\n<meta name=\"robots\" content=\"index, follow, max-snippet:-1, max-image-preview:large, max-video-preview:-1\" \/>\n<link rel=\"canonical\" href=\"https:\/\/gkmtb-touren.at\/de_at\/helpie_faq\/sind-die-akkus-fur-eine-tagestour-ausreichend\/\" \/>\n<meta property=\"og:locale\" content=\"de_DE\" \/>\n<meta property=\"og:type\" content=\"article\" \/>\n<meta property=\"og:title\" content=\"Sind die Akkus f\u00fcr eine Tagestour ausreichend? - GKMTB\" \/>\n<meta property=\"og:description\" content=\"Das h\u00e4ngt davon ab, welches Bike du w\u00e4hlst. Die Akkus im Scott Patron und im Scott Aspect halten auf jeden [&hellip;]\" \/>\n<meta property=\"og:url\" content=\"https:\/\/gkmtb-touren.at\/de_at\/helpie_faq\/sind-die-akkus-fur-eine-tagestour-ausreichend\/\" \/>\n<meta property=\"og:site_name\" content=\"GKMTB\" \/>\n<meta property=\"article:modified_time\" content=\"2025-11-18T13:42:26+00:00\" \/>\n<meta name=\"twitter:card\" content=\"summary_large_image\" \/>\n<meta name=\"twitter:label1\" content=\"Gesch\u00e4tzte Lesezeit\" \/>\n\t<meta name=\"twitter:data1\" content=\"1 Minute\" \/>\n<script type=\"application\/ld+json\" class=\"yoast-schema-graph\">{\"@context\":\"https:\\\/\\\/schema.org\",\"@graph\":[{\"@type\":\"WebPage\",\"@id\":\"https:\\\/\\\/gkmtb-touren.at\\\/helpie_faq\\\/sind-die-akkus-fur-eine-tagestour-ausreichend\\\/\",\"url\":\"https:\\\/\\\/gkmtb-touren.at\\\/helpie_faq\\\/sind-die-akkus-fur-eine-tagestour-ausreichend\\\/\",\"name\":\"Sind die Akkus f\u00fcr eine Tagestour ausreichend? - GKMTB\",\"isPartOf\":{\"@id\":\"https:\\\/\\\/gkmtb-touren.at\\\/de_at\\\/#website\"},\"datePublished\":\"2025-11-18T13:41:56+00:00\",\"dateModified\":\"2025-11-18T13:42:26+00:00\",\"breadcrumb\":{\"@id\":\"https:\\\/\\\/gkmtb-touren.at\\\/helpie_faq\\\/sind-die-akkus-fur-eine-tagestour-ausreichend\\\/#breadcrumb\"},\"inLanguage\":\"de-AT\",\"potentialAction\":[{\"@type\":\"ReadAction\",\"target\":[\"https:\\\/\\\/gkmtb-touren.at\\\/helpie_faq\\\/sind-die-akkus-fur-eine-tagestour-ausreichend\\\/\"]}]},{\"@type\":\"BreadcrumbList\",\"@id\":\"https:\\\/\\\/gkmtb-touren.at\\\/helpie_faq\\\/sind-die-akkus-fur-eine-tagestour-ausreichend\\\/#breadcrumb\",\"itemListElement\":[{\"@type\":\"ListItem\",\"position\":1,\"name\":\"Startseite\",\"item\":\"https:\\\/\\\/gkmtb-touren.at\\\/\"},{\"@type\":\"ListItem\",\"position\":2,\"name\":\"FAQs\",\"item\":\"https:\\\/\\\/gkmtb-touren.at\\\/de_at\\\/helpie_faq\\\/\"},{\"@type\":\"ListItem\",\"position\":3,\"name\":\"Sind die Akkus f\u00fcr eine Tagestour ausreichend?\"}]},{\"@type\":\"WebSite\",\"@id\":\"https:\\\/\\\/gkmtb-touren.at\\\/de_at\\\/#website\",\"url\":\"https:\\\/\\\/gkmtb-touren.at\\\/de_at\\\/\",\"name\":\"GKMTB Touren\",\"description\":\"Mountainbike Touren Wienerwald\",\"publisher\":{\"@id\":\"https:\\\/\\\/gkmtb-touren.at\\\/de_at\\\/#organization\"},\"potentialAction\":[{\"@type\":\"SearchAction\",\"target\":{\"@type\":\"EntryPoint\",\"urlTemplate\":\"https:\\\/\\\/gkmtb-touren.at\\\/de_at\\\/?s={search_term_string}\"},\"query-input\":{\"@type\":\"PropertyValueSpecification\",\"valueRequired\":true,\"valueName\":\"search_term_string\"}}],\"inLanguage\":\"de-AT\"},{\"@type\":\"Organization\",\"@id\":\"https:\\\/\\\/gkmtb-touren.at\\\/de_at\\\/#organization\",\"name\":\"GKMTB Touren\",\"url\":\"https:\\\/\\\/gkmtb-touren.at\\\/de_at\\\/\",\"logo\":{\"@type\":\"ImageObject\",\"inLanguage\":\"de-AT\",\"@id\":\"https:\\\/\\\/gkmtb-touren.at\\\/de_at\\\/#\\\/schema\\\/logo\\\/image\\\/\",\"url\":\"https:\\\/\\\/gkmtb-touren.at\\\/wp-content\\\/uploads\\\/2025\\\/07\\\/cropped-RADLOGO1.png\",\"contentUrl\":\"https:\\\/\\\/gkmtb-touren.at\\\/wp-content\\\/uploads\\\/2025\\\/07\\\/cropped-RADLOGO1.png\",\"width\":874,\"height\":547,\"caption\":\"GKMTB Touren\"},\"image\":{\"@id\":\"https:\\\/\\\/gkmtb-touren.at\\\/de_at\\\/#\\\/schema\\\/logo\\\/image\\\/\"}}]}<\/script>\n<!-- \/ Yoast SEO plugin. -->","yoast_head_json":{"title":"Sind die Akkus f\u00fcr eine Tagestour ausreichend? - GKMTB","robots":{"index":"index","follow":"follow","max-snippet":"max-snippet:-1","max-image-preview":"max-image-preview:large","max-video-preview":"max-video-preview:-1"},"canonical":"https:\/\/gkmtb-touren.at\/de_at\/helpie_faq\/sind-die-akkus-fur-eine-tagestour-ausreichend\/","og_locale":"de_DE","og_type":"article","og_title":"Sind die Akkus f\u00fcr eine Tagestour ausreichend? - GKMTB","og_description":"Das h\u00e4ngt davon ab, welches Bike du w\u00e4hlst. Die Akkus im Scott Patron und im Scott Aspect halten auf jeden [&hellip;]","og_url":"https:\/\/gkmtb-touren.at\/de_at\/helpie_faq\/sind-die-akkus-fur-eine-tagestour-ausreichend\/","og_site_name":"GKMTB","article_modified_time":"2025-11-18T13:42:26+00:00","twitter_card":"summary_large_image","twitter_misc":{"Gesch\u00e4tzte Lesezeit":"1 Minute"},"schema":{"@context":"https:\/\/schema.org","@graph":[{"@type":"WebPage","@id":"https:\/\/gkmtb-touren.at\/helpie_faq\/sind-die-akkus-fur-eine-tagestour-ausreichend\/","url":"https:\/\/gkmtb-touren.at\/helpie_faq\/sind-die-akkus-fur-eine-tagestour-ausreichend\/","name":"Sind die Akkus f\u00fcr eine Tagestour ausreichend? - GKMTB","isPartOf":{"@id":"https:\/\/gkmtb-touren.at\/de_at\/#website"},"datePublished":"2025-11-18T13:41:56+00:00","dateModified":"2025-11-18T13:42:26+00:00","breadcrumb":{"@id":"https:\/\/gkmtb-touren.at\/helpie_faq\/sind-die-akkus-fur-eine-tagestour-ausreichend\/#breadcrumb"},"inLanguage":"de-AT","potentialAction":[{"@type":"ReadAction","target":["https:\/\/gkmtb-touren.at\/helpie_faq\/sind-die-akkus-fur-eine-tagestour-ausreichend\/"]}]},{"@type":"BreadcrumbList","@id":"https:\/\/gkmtb-touren.at\/helpie_faq\/sind-die-akkus-fur-eine-tagestour-ausreichend\/#breadcrumb","itemListElement":[{"@type":"ListItem","position":1,"name":"Startseite","item":"https:\/\/gkmtb-touren.at\/"},{"@type":"ListItem","position":2,"name":"FAQs","item":"https:\/\/gkmtb-touren.at\/de_at\/helpie_faq\/"},{"@type":"ListItem","position":3,"name":"Sind die Akkus f\u00fcr eine Tagestour ausreichend?"}]},{"@type":"WebSite","@id":"https:\/\/gkmtb-touren.at\/de_at\/#website","url":"https:\/\/gkmtb-touren.at\/de_at\/","name":"GKMTB Touren","description":"Mountainbike Touren Wienerwald","publisher":{"@id":"https:\/\/gkmtb-touren.at\/de_at\/#organization"},"potentialAction":[{"@type":"SearchAction","target":{"@type":"EntryPoint","urlTemplate":"https:\/\/gkmtb-touren.at\/de_at\/?s={search_term_string}"},"query-input":{"@type":"PropertyValueSpecification","valueRequired":true,"valueName":"search_term_string"}}],"inLanguage":"de-AT"},{"@type":"Organization","@id":"https:\/\/gkmtb-touren.at\/de_at\/#organization","name":"GKMTB Touren","url":"https:\/\/gkmtb-touren.at\/de_at\/","logo":{"@type":"ImageObject","inLanguage":"de-AT","@id":"https:\/\/gkmtb-touren.at\/de_at\/#\/schema\/logo\/image\/","url":"https:\/\/gkmtb-touren.at\/wp-content\/uploads\/2025\/07\/cropped-RADLOGO1.png","contentUrl":"https:\/\/gkmtb-touren.at\/wp-content\/uploads\/2025\/07\/cropped-RADLOGO1.png","width":874,"height":547,"caption":"GKMTB Touren"},"image":{"@id":"https:\/\/gkmtb-touren.at\/de_at\/#\/schema\/logo\/image\/"}}]}},"uagb_featured_image_src":{"full":false,"thumbnail":false,"medium":false,"medium_large":false,"large":false,"1536x1536":false,"2048x2048":false,"trp-custom-language-flag":false},"uagb_author_info":{"display_name":"Gerald","author_link":"https:\/\/gkmtb-touren.at\/de_at\/author\/geraldkwp\/"},"uagb_comment_info":0,"uagb_excerpt":"Das h\u00e4ngt davon ab, welches Bike du w\u00e4hlst. Die Akkus im Scott Patron und im Scott Aspect halten auf jeden [&hellip;]","_links":{"self":[{"href":"https:\/\/gkmtb-touren.at\/de_at\/wp-json\/wp\/v2\/helpie_faq\/1831","targetHints":{"allow":["GET"]}}],"collection":[{"href":"https:\/\/gkmtb-touren.at\/de_at\/wp-json\/wp\/v2\/helpie_faq"}],"about":[{"href":"https:\/\/gkmtb-touren.at\/de_at\/wp-json\/wp\/v2\/types\/helpie_faq"}],"author":[{"embeddable":true,"href":"https:\/\/gkmtb-touren.at\/de_at\/wp-json\/wp\/v2\/users\/1"}],"replies":[{"embeddable":true,"href":"https:\/\/gkmtb-touren.at\/de_at\/wp-json\/wp\/v2\/comments?post=1831"}],"version-history":[{"count":1,"href":"https:\/\/gkmtb-touren.at\/de_at\/wp-json\/wp\/v2\/helpie_faq\/1831\/revisions"}],"predecessor-version":[{"id":1832,"href":"https:\/\/gkmtb-touren.at\/de_at\/wp-json\/wp\/v2\/helpie_faq\/1831\/revisions\/1832"}],"wp:attachment":[{"href":"https:\/\/gkmtb-touren.at\/de_at\/wp-json\/wp\/v2\/media?parent=1831"}],"wp:term":[{"taxonomy":"helpie_faq_category","embeddable":true,"href":"https:\/\/gkmtb-touren.at\/de_at\/wp-json\/wp\/v2\/helpie_faq_category?post=1831"},{"taxonomy":"helpie_faq_group","embeddable":true,"href":"https:\/\/gkmtb-touren.at\/de_at\/wp-json\/wp\/v2\/helpie_faq_group?post=1831"}],"curies":[{"name":"wp","href":"https:\/\/api.w.org\/{rel}","templated":true}]}}